{"id":35,"date":"2016-04-04T12:50:45","date_gmt":"2016-04-04T10:50:45","guid":{"rendered":"https:\/\/aliber.org\/web\/?page_id=35"},"modified":"2022-02-18T00:41:49","modified_gmt":"2022-02-17T23:41:49","slug":"aviso-legal","status":"publish","type":"page","link":"https:\/\/aliber.org\/web\/aviso-legal\/","title":{"rendered":"Aviso legal"},"content":{"rendered":"\t\t<div data-elementor-type=\"wp-page\" data-elementor-id=\"35\" class=\"elementor elementor-35\" data-elementor-post-type=\"page\">\n\t\t\t\t\t\t<section class=\"elementor-section elementor-top-section elementor-element elementor-element-1af7e6af elementor-section-boxed elementor-section-height-default elementor-section-height-default\" data-id=\"1af7e6af\" data-element_type=\"section\" data-e-type=\"section\">\n\t\t\t\t\t\t<div class=\"elementor-container elementor-column-gap-default\">\n\t\t\t\t\t<div class=\"elementor-column elementor-col-100 elementor-top-column elementor-element elementor-element-53308b02\" data-id=\"53308b02\" data-element_type=\"column\" data-e-type=\"column\">\n\t\t\t<div class=\"elementor-widget-wrap elementor-element-populated\">\n\t\t\t\t\t\t<div class=\"elementor-element elementor-element-3a558a80 elementor-widget elementor-widget-text-editor\" data-id=\"3a558a80\" data-element_type=\"widget\" data-e-type=\"widget\" data-widget_type=\"text-editor.default\">\n\t\t\t\t<div class=\"elementor-widget-container\">\n\t\t\t\t\t\t\t\t\t[:es]Por favor, <b>lea <\/b>todos los apartados del presente <b>Aviso Legal<\/b> antes de utilizar este sitio web. Las siguientes condiciones son vinculantes para cualquier usuario del mismo.<\/p>\n<p>En cumplimiento con el deber de informaci\u00f3n dispuesto en la <b>Ley 34\/2002<\/b> de Servicios de la Sociedad de la Informaci\u00f3n y el Comercio Electr\u00f3nico (LSSI-CE) de 11 de julio, se facilitan a continuaci\u00f3n los siguientes datos de informaci\u00f3n general de este sitio web.<\/p>\n<p>La raz\u00f3n de este texto es explicarle de manera detallada las funcionalidades de esta web y aportarle aquella informaci\u00f3n relacionada con el Responsable del Tratamiento y la finalidad de los contenidos incluidos en ella.<\/p>\n<p><\/p>\n<p><\/p><center>DATOS IDENTIFICACI\u00d3N<\/center>El presente Aviso Legal regula el uso del servicio del sitio web&nbsp; inform\u00e1ndole en cumplimiento de la Ley 34\/2002, de 11 de julio, de Servicios de la Sociedad de la Informaci\u00f3n y de Comercio Electr\u00f3nico, de los siguientes extremos:<p><\/p>\n<p><strong>Responsable del Tratamiento:<\/strong> ALIANZA IBEROAMERICANA DE ENFERMEDADES RARAS, HU\u00c9RFANAS O POCO FRECUENTES (ALIBER)<\/p>\n<p><strong>CIF:<\/strong> G73848566<\/p>\n<p><strong>Domicilio:<\/strong> C\/San Crist\u00f3bal n\u00ba 7, 30850, Totana, MURCIA<\/p>\n<p><strong>Correo Electr\u00f3nico:<\/strong> info@aliber.org<\/p>\n<p>ALIANZA IBEROAMERICANA DE ENFERMEDADES RARAS, HU\u00c9RFANAS O POCO FRECUENTES (ALIBER) pretende a trav\u00e9s de su sitio web dar a conocer su actividad y ofrecer la posibilidad de ponerse en contacto, realizar consultas, suscribirse a nuestro bolet\u00edn, as\u00ed como informarnos sobre sus reclamaciones y quejas.<\/p>\n<p>El presente documento tiene por objeto establecer los t\u00e9rminos y condiciones generales de uso del sitio web. Los t\u00e9rminos y condiciones generales son de obligada aceptaci\u00f3n y cumplimiento por parte de todos los usuarios que deseen hacer uso del mismo.<\/p>\n<h2 style=\"COLOR:#29176f\"><center>USO DEL SITIO WEB Y OBLIGACIONES DE LOS USUARIOS.<\/center><\/h2>\n<p>El usuario se compromete a utilizar el sitio web, el contenido y servicios, sin contravenir la legislaci\u00f3n vigente, los usos generalmente aceptados y el orden p\u00fablico. Queda prohibido el uso del sitio web con fines il\u00edcitos o lesivos contra ALIANZA IBEROAMERICANA DE ENFERMEDADES RARAS, HU\u00c9RFANAS O POCO FRECUENTES (ALIBER) o un tercero, que, de cualquier forma, puedan causar perjuicio o impedir el normal uso del sitio web.<\/p>\n<p>ALIANZA IBEROAMERICANA DE ENFERMEDADES RARAS, HU\u00c9RFANAS O POCO FRECUENTES (ALIBER) garantiza que los contenidos y servicios que ofrece el portal respetan el principio de dignidad de la persona, de protecci\u00f3n de la juventud y la infancia, de no-discriminaci\u00f3n pormotivos de raza, sexo, religi\u00f3n, opini\u00f3n, nacionalidad, discapacidad o cualquier otro aspecto personal y social.<\/p>\n<p>Las presentes Condiciones Generales de Uso del sitio web no confieren al usuario ning\u00fan otro derecho de uso, alteraci\u00f3n, explotaci\u00f3n, reproducci\u00f3n, distribuci\u00f3n o comunicaci\u00f3n p\u00fablica de los contenidos del sitio web distintos de los aqu\u00ed expresamente previstos.<\/p>\n<p>Los contenidos (informaci\u00f3n, archivos de sonido y\/o imagen, fotograf\u00edas, dise\u00f1os, etc.) recogidos en el portal, son propiedad de ALIANZA IBEROAMERICANA DE ENFERMEDADES RARAS, HU\u00c9RFANAS O POCO FRECUENTES (ALIBER) o la misma se encuentra debidamente autorizada para su difusi\u00f3n por sus leg\u00edtimos titulares.<\/p>\n<p>ALIANZA IBEROAMERICANA DE ENFERMEDADES RARAS, HU\u00c9RFANAS O POCO FRECUENTES (ALIBER) se compromete a no realizar publicidad enga\u00f1osa y por tanto, queda prohibido:<\/p>\n<ul>\n<li>El uso para todo tipo de fines comerciales o publicitarios, distintos de los estrictamente permitidos.<\/li>\n<li>Su reproducci\u00f3n, publicaci\u00f3n, distribuci\u00f3n o modificaci\u00f3n, total o parcial a menos que se cuente con la autorizaci\u00f3n previa y por escrito de sus leg\u00edtimos titulares o resulte legalmente permitido.<\/li>\n<li>Cualquier vulneraci\u00f3n de los derechos de ALIANZA IBEROAMERICANA DE ENFERMEDADES RARAS, HU\u00c9RFANAS O POCO FRECUENTES (ALIBER) o de sus leg\u00edtimos titulares sobre los mismos.<\/li>\n<\/ul>\n<h2 style=\"COLOR:#29176f\"> <center>PROPIEDAD INTELECTUAL E INDUSTRIAL<\/center><\/h2>\n<p>El usuario reconoce y acepta que todos los derechos de propiedad industrial e intelectual sobre los contenidos y\/o cualesquiera otros elementos insertados en el sitio web pertenecen a ALIANZA IBEROAMERICANA DE ENFERMEDADES RARAS, HU\u00c9RFANAS O POCO FRECUENTES (ALIBER) o la misma se encuentra debidamente autorizada para su difusi\u00f3n en el presente sitio web.<\/p>\n<p>En el caso de que un usuario o un tercero consideren que se ha producido una violaci\u00f3n de sus leg\u00edtimos derechos de propiedad intelectual por la introducci\u00f3n de un determinado contenido en el sitio web, deber\u00e1 notificar dicha circunstancia a ALIANZA IBEROAMERICANA DE ENFERMEDADES RARAS, HU\u00c9RFANAS O POCO FRECUENTES (ALIBER) indicando:<\/p>\n<ul>\n<li>Datos personales del interesado titular de los derechos presuntamente infringidos, o indicar la representaci\u00f3n con la que act\u00faa en caso de que la reclamaci\u00f3n la presente un tercero distinto del interesado.<\/li>\n<li>Se\u00f1alar los contenidos protegidos por los derechos de propiedad intelectual y su ubicaci\u00f3n en el Web, la acreditaci\u00f3n de los derechos de propiedad intelectual se\u00f1alados y declaraci\u00f3n expresa en la que el interesado se responsabiliza de la veracidad de las informaciones facilitadas en la notificaci\u00f3n.<\/li>\n<\/ul>\n<h2 style=\"COLOR:#29176f\"><center>ENLACES<\/center><\/h2>\n<p>El presente sitio web proporciona enlaces a otros sitios web propios y contenidos que son propiedad de terceros.<\/p>\n<p>El \u00fanico objeto de los enlaces es proporcionar al usuario la posibilidad de acceder a dichos enlaces. ALIANZA IBEROAMERICANA DE ENFERMEDADES RARAS, HU\u00c9RFANAS O POCO FRECUENTES (ALIBER) no se responsabiliza en ning\u00fan caso de los resultados que puedan derivarse al usuario por el acceso a dichos enlaces.<\/p>\n<p>El usuario que se proponga establecer cualquier dispositivo t\u00e9cnico de enlace desde su sitio web al portal deber\u00e1 obtener la autorizaci\u00f3n previa y escrita de ALIANZA IBEROAMERICANA DE ENFERMEDADES RARAS, HU\u00c9RFANAS O POCO FRECUENTES (ALIBER). El establecimiento del enlace no implica en ning\u00fan caso la existencia de relaciones entre ALIANZA IBEROAMERICANA DE ENFERMEDADES RARAS, HU\u00c9RFANAS O POCO FRECUENTES (ALIBER) y el propietario del sitio en el que se establezca el enlace, ni la aceptaci\u00f3n o aprobaci\u00f3n por parte de ALIANZA IBEROAMERICANA DE ENFERMEDADES RARAS, HU\u00c9RFANAS O POCO FRECUENTES (ALIBER) de sus contenidos o servicios.<\/p>\n<p>El sitio web en el que se establezca el enlace no contendr\u00e1 ninguna marca, denominaci\u00f3n, logotipo, eslogan u otros signos distintivos pertenecientes a ALIANZA IBEROAMERICANA DE ENFERMEDADES RARAS, HU\u00c9RFANAS O POCO FRECUENTES (ALIBER), salvo los expresamente autorizados.<\/p>\n<h2 style=\"COLOR:#29176f\"><center>MODIFICACI\u00d3N UNILATERAL Y DURACI\u00d3N<\/center><\/h2>\n<p>ALIANZA IBEROAMERICANA DE ENFERMEDADES RARAS, HU\u00c9RFANAS O POCO FRECUENTES (ALIBER) se reserva el derecho de modificar, en cualquier momento y sin necesidad de previo aviso, la presentaci\u00f3n y configuraci\u00f3n del sitio web, as\u00ed como el presente Aviso Legal.<\/p>\n<p>EXCLUSI\u00d3N DE GARANT\u00cdAS Y RESPONSABILIDAD<\/p>\n<p>ALIANZA IBEROAMERICANA DE ENFERMEDADES RARAS, HU\u00c9RFANAS O POCO FRECUENTES (ALIBER) no otorga ninguna garant\u00eda ni se hace responsable, en ning\u00fan caso, de los da\u00f1os y perjuicios de cualquier naturaleza que pudieran acarrear a causa de:<\/p>\n<ul>\n<li>La falta disponibilidad, mantenimiento y efectivo funcionamiento del Web y\/o de sus servicios o contenidos.<\/li>\n<li>La existencia de virus, programas maliciosos o lesivos en los contenidos.<\/li>\n<li>El uso il\u00edcito, negligente, fraudulento, contrario a las presentes condiciones, a la buena fe, a los usos generalmente aceptados o al orden p\u00fablico, del sitio Web, sus servicios o contenidos, por parte de los usuarios.<\/li>\n<\/ul>\n<h2 style=\"COLOR:#29176f\"><center>TRATAMIENTO DE DATOS PERSONALES<\/center><\/h2>\n<p>ALIANZA IBEROAMERICANA DE ENFERMEDADES RARAS, HU\u00c9RFANAS O POCO FRECUENTES (ALIBER) tal y como recoge en su \u201cPOL\u00cdTICA DE PRIVACIDAD\u201d que puede consultar en este sitio web, ha adoptado los niveles de seguridad adecuados a los datos que trata y gestiona, incorporando todos los medios y medidas t\u00e9cnicas a su alcance para garantizar su confidencialidad, evitar su mal uso, p\u00e9rdida, alteraci\u00f3n, acceso no autorizado y robo.<\/p>\n<h2 style=\"COLOR:#29176f\"><center>LEGISLACI\u00d3N APLICABLE Y JURISDICCI\u00d3N<\/center><\/h2>\n<p>Las presentes Condiciones se regir\u00e1n por la legislaci\u00f3n espa\u00f1ola, sometidas a los juzgados y tribunales de la ciudad de Murcia (Espa\u00f1a) ante cualquier controversia derivada del acceso al sitio web.<\/p>\n<h2 style=\"COLOR:#29176f\"> <center>CONTACTO<\/center><\/h2>\n<p>En caso de que cualquier usuario tuviese alguna duda acerca del presente aviso legal o cualquier comentario sobre el mismo puede dirigirse a info@aliber.org o enviar una comunicaci\u00f3n escrita a la direcci\u00f3n que consta en el encabezado.<\/p>\n<p><strong style=\"COLOR:#29176f\">ADVERTENCIA: Los testimonios contenidos en esta web y su blog, incluyendo opiniones y recomendaciones, tienen car\u00e1cter informativo, y no sustituyen, de ninguna manera, el consejo, tratamiento y\/o diagn\u00f3stico de los profesionales de la salud.<\/strong><\/p>\n<p><strong>Esta web es independiente<\/strong><\/p>\n<p>Esta web no est\u00e1 subvencionada ni afiliada a ning\u00fan estudio m\u00e9dico o investigaci\u00f3n ni avala soluciones m\u00e9dicas espec\u00edficas.<\/p>\n<p><strong style=\"COLOR:#29176f\">ALIBER<\/strong> es una asociaci\u00f3n Internacional sin \u00e1nimo de lucro. Visita las secciones <a href=\"https:\/\/aliber.org\/web\/quienes-somos\/\">Sobre ALIBER<\/a> y <a href=\"https:\/\/aliber.org\/web\/socios\/\">Socios<\/a> para conocer quienes formamos ALIBER y cu\u00e1les son nuestras motivaciones.<\/p>\n<p><strong style=\"COLOR:#29176f\">Contacto<\/strong><\/p>\n<p>Puedes <a href=\"https:\/\/aliber.org\/web\/contacto\/\">contactar<\/a> con nosotros a trav\u00e9s de nuestro formulario y del correo electr\u00f3nico.<\/p>\n<p>La informaci\u00f3n de los usuarios recibida por correo electr\u00f3nico ser\u00e1 tratada de forma confidencial.<\/p>\n<p><strong style=\"COLOR:#29176f\">Algunos derechos reservados<\/strong><\/p>\n<p>Esta web est\u00e1 disponible bajo una licencia <a href=\"http:\/\/creativecommons.org\/licenses\/by-sa\/3.0\/deed.es\">Creative Commons<\/a>. (CC BY SA 3.0).<\/p>\n<p><strong style=\"COLOR:#29176f\">Fuentes<\/strong><\/p>\n<p>Los administradores se comprometen a publicar informaci\u00f3n de cuya exactitud y veracidad tengan constancia, y solicitamos a los participantes que sigan esta norma, as\u00ed, con sus comentarios, deber\u00e1n proporcionar referencias y\/o enlaces que justifiquen sus afirmaciones sobre medicina y salud, siempre que no se trate de una experiencia personal vivida por \u00e9l mismo.<\/p>\n<p>Siempre que hagamos menci\u00f3n a una <strong>fuente de informaci\u00f3n<\/strong> ofreceremos la correspondiente referencia, y previamente, esta ser\u00e1 contrastada para verificar su fiabilidad e idoneidad.<\/p>\n<p><strong style=\"COLOR:#29176f\">Privacidad<\/strong><\/p>\n<p>Este sitio web se rige por la <a href=\"http:\/\/www.boe.es\/buscar\/doc.php?id=BOE-A-1999-23750\">Ley Org\u00e1nica 15\/1999, de 13 de diciembre, de Protecci\u00f3n de Datos de Car\u00e1cter Personal<\/a> de Espa\u00f1a.<\/p>\n<p><strong style=\"COLOR:#29176f\">ALIBER no indexa o gestiona ni cede a terceros la informaci\u00f3n<\/strong> sensible (nombres, correos electr\u00f3nicos\u2026) ni de otro tipo de quienes participan en su blog de <a href=\"https:\/\/aliber.org\/web\/category\/sin-categoria\/\">noticias<\/a>.<\/p>\n<p><strong style=\"COLOR:#29176f\">ALIBER no usa cookies<\/strong>, pero <strong>emplea la plataforma <a href=\"http:\/\/wordpress.com\/\">WordPress.com<\/a><\/strong> para su blog de <a href=\"https:\/\/aliber.org\/web\/category\/sin-categoria\/\">noticias<\/a>.<br>Puedes conocer la pol\u00edtica de privacidad de <strong>Automattic<\/strong>, que opera WordPress, <a href=\"http:\/\/automattic.com\/privacy\/\">aqu\u00ed<\/a>.<\/p>\n<p><strong style=\"COLOR:#29176f\">Atenci\u00f3n:<\/strong> recuerda que todo mensaje publicado puede ser le\u00eddo y utilizado por todos, y puede ser utilizado y citado en otras p\u00e1ginas. Los comentarios son publicados autom\u00e1ticamente tal cual son recibidos, pudiendo ejercer sobre ellos los leg\u00edtimos derechos de acceso, rectificaci\u00f3n y cancelaci\u00f3n por parte de sus autores o de las personas mencionadas, a trav\u00e9s nuestro, por correo electr\u00f3nico. Por favor, no incluyas informaci\u00f3n personal o sensible, tuya o de terceras personas sin su consentimiento, en tus comentarios.<\/p>\n<p>Los comentarios de los lectores pueden aparecer publicados con el nombre de su autor (recomendable) o de forma an\u00f3nima. Los profesionales de la salud que inserten comentarios deber\u00e1n identificarse, as\u00ed como especificar su formaci\u00f3n. De otro modo, no se considerar\u00e1n efectuados por un profesional sanitario.<\/p>\n<p><strong style=\"COLOR:#29176f\">Netiqueta<\/strong><\/p>\n<p>Respeta las normas elementales de etiqueta en Internet: No suplantes la identidad de otros. Identif\u00edcate adecuadamente. Se respetuoso con los dem\u00e1s y no incluyas informaci\u00f3n ofensiva para otros en tus comentarios. Tampoco incluyas publicidad o informaci\u00f3n privada o confidencial. Si esto es detectado o recibimos una queja, tu comentario ser\u00e1 modificado o suprimido.<\/p>\n<p>Para evitar el SPAM, el primer comentario de cada participante en nuestro blog de <a href=\"https:\/\/aliber.org\/web\/category\/sin-categoria\/\">noticias<\/a> requerir\u00e1 que sea validado antes de su publicaci\u00f3n.<\/p>\n<p><strong style=\"COLOR:#29176f\">Publicidad<\/strong><\/p>\n<p>Esta web no aloja publicidad, pero publicita sus <a href=\"https:\/\/aliber.org\/web\/category\/sin-categoria\/\">noticias<\/a> y actividades sin \u00e1nimo de lucro que <strong>ALIBER<\/strong> lleva a cabo, e informa sobre otros servicios y actividades relacionados con las <strong>Enfermedades Poco Frecuentes<\/strong>.<\/p>\n<p><strong style=\"COLOR:#29176f\">Identidad gr\u00e1fica<\/strong><\/p>\n<p>La mayor\u00eda de <strong>im\u00e1genes de esta p\u00e1gina<\/strong> est\u00e1n sacadas de Internet. Si alguien se siente molesto por su publicaci\u00f3n, por ser el autor y no haberle pedido permiso, nos disculpamos; con dejar un mail se quitar\u00e1n sin problemas.[:pt]<strong>ADVERTENCIA: Los testimonios contenidos en esta web y su blog, incluyendo opiniones y recomendaciones, tienen car\u00e1cter informativo, y no sustituyen, de ninguna manera, el consejo, tratamiento y\/o diagn\u00f3stico de los profesionales de la salud.<\/strong><\/p>\n<p><strong style=\"COLOR:#29176f\">Esta web es independiente<\/strong><\/p>\n<p>Esta web no est\u00e1 subvencionada ni afiliada a ning\u00fan estudio m\u00e9dico o investigaci\u00f3n ni avala soluciones m\u00e9dicas espec\u00edficas.<\/p>\n<p><strong style=\"COLOR:#29176f\">ALIBER<\/strong> es una asociaci\u00f3n Internacional sin \u00e1nimo de lucro. Visita las secciones <a href=\"https:\/\/aliber.org\/web\/quienes-somos\/\">Sobre ALIBER<\/a> y <a href=\"https:\/\/aliber.org\/web\/socios\/\">Socios<\/a> para conocer quienes formamos ALIBER y cu\u00e1les son nuestras motivaciones.<\/p>\n<p><strong style=\"COLOR:#29176f\">Contacto<\/strong><\/p>\n<p>Puedes <a href=\"https:\/\/aliber.org\/web\/contacto\/\">contactar<\/a> con nosotros a trav\u00e9s de nuestro formulario y del correo electr\u00f3nico.<\/p>\n<p>La informaci\u00f3n de los usuarios recibida por correo electr\u00f3nico ser\u00e1 tratada de forma confidencial.<\/p>\n<p><strong style=\"COLOR:#29176f\">Algunos derechos reservados<\/strong><\/p>\n<p>Esta web est\u00e1 disponible bajo una licencia <a href=\"http:\/\/creativecommons.org\/licenses\/by-sa\/3.0\/deed.es\">Creative Commons<\/a>. (CC BY SA 3.0).<\/p>\n<p><strong style=\"COLOR:#29176f\">Fuentes<\/strong><\/p>\n<p>Los administradores se comprometen a publicar informaci\u00f3n de cuya exactitud y veracidad tengan constancia, y solicitamos a los participantes que sigan esta norma, as\u00ed, con sus comentarios, deber\u00e1n proporcionar referencias y\/o enlaces que justifiquen sus afirmaciones sobre medicina y salud, siempre que no se trate de una experiencia personal vivida por \u00e9l mismo.<\/p>\n<p>Siempre que hagamos menci\u00f3n a una <strong>fuente de informaci\u00f3n<\/strong> ofreceremos la correspondiente referencia, y previamente, esta ser\u00e1 contrastada para verificar su fiabilidad e idoneidad.<\/p>\n<p><strong style=\"COLOR:#29176f\">Privacidad<\/strong><\/p>\n<p>Este sitio web se rige por la <a href=\"http:\/\/www.boe.es\/buscar\/doc.php?id=BOE-A-1999-23750\">Ley Org\u00e1nica 15\/1999, de 13 de diciembre, de Protecci\u00f3n de Datos de Car\u00e1cter Personal<\/a> de Espa\u00f1a.<\/p>\n<p><strong>ALIBER no indexa o gestiona ni cede a terceros la informaci\u00f3n<\/strong> sensible (nombres, correos electr\u00f3nicos\u2026) ni de otro tipo de quienes participan en su blog de <a href=\"https:\/\/aliber.org\/web\/category\/sin-categoria\/\">noticias<\/a>.<\/p>\n<p><strong>ALIBER no usa cookies<\/strong>, pero <strong>emplea la plataforma <a href=\"http:\/\/wordpress.com\/\">WordPress.com<\/a><\/strong> para su blog de <a href=\"https:\/\/aliber.org\/web\/category\/sin-categoria\/\">noticias<\/a>.<br>Puedes conocer la pol\u00edtica de privacidad de <strong>Automattic<\/strong>, que opera WordPress, <a href=\"http:\/\/automattic.com\/privacy\/\">aqu\u00ed<\/a>.<\/p>\n<p><strong>Atenci\u00f3n:<\/strong> recuerda que todo mensaje publicado puede ser le\u00eddo y utilizado por todos, y puede ser utilizado y citado en otras p\u00e1ginas. Los comentarios son publicados autom\u00e1ticamente tal cual son recibidos, pudiendo ejercer sobre ellos los leg\u00edtimos derechos de acceso, rectificaci\u00f3n y cancelaci\u00f3n por parte de sus autores o de las personas mencionadas, a trav\u00e9s nuestro, por correo electr\u00f3nico. Por favor, no incluyas informaci\u00f3n personal o sensible, tuya o de terceras personas sin su consentimiento, en tus comentarios.<\/p>\n<p>Los comentarios de los lectores pueden aparecer publicados con el nombre de su autor (recomendable) o de forma an\u00f3nima. Los profesionales de la salud que inserten comentarios deber\u00e1n identificarse, as\u00ed como especificar su formaci\u00f3n. De otro modo, no se considerar\u00e1n efectuados por un profesional sanitario.<\/p>\n<p><strong>Netiqueta<\/strong><\/p>\n<p>Respeta las normas elementales de etiqueta en Internet: No suplantes la identidad de otros. Identif\u00edcate adecuadamente. Se respetuoso con los dem\u00e1s y no incluyas informaci\u00f3n ofensiva para otros en tus comentarios. Tampoco incluyas publicidad o informaci\u00f3n privada o confidencial. Si esto es detectado o recibimos una queja, tu comentario ser\u00e1 modificado o suprimido.<\/p>\n<p>Para evitar el SPAM, el primer comentario de cada participante en nuestro blog de <a href=\"https:\/\/aliber.org\/web\/category\/sin-categoria\/\">noticias<\/a> requerir\u00e1 que sea validado antes de su publicaci\u00f3n.<\/p>\n<p><strong>Publicidad<\/strong><\/p>\n<p>Esta web no aloja publicidad, pero publicita sus <a href=\"https:\/\/aliber.org\/web\/category\/sin-categoria\/\">noticias<\/a> y actividades sin \u00e1nimo de lucro que <strong>ALIBER<\/strong> lleva a cabo, e informa sobre otros servicios y actividades relacionados con las <strong>Enfermedades Poco Frecuentes<\/strong>.<\/p>\n<p><strong>Identidad gr\u00e1fica<\/strong><\/p>\n<p>La mayor\u00eda de <strong>im\u00e1genes de esta p\u00e1gina y su blog<\/strong> est\u00e1n sacadas de Internet. Si alguien se siente molesto por su publicaci\u00f3n, por ser el autor y no haberle pedido permiso, nos disculpamos; con dejar un mail se quitar\u00e1n sin problemas.[:en]<strong>WARNING: The testimonials contained on this website and blog, including opinions and recommendations informational purposes, not replace, in any way, counseling, treatment and \/ or diagnosis of health professionals.<\/strong><\/p>\n<p>This site is independent<\/p>\n<p>This website is not subsidized by or affiliated with any medical study or research or endorse specific medical solutions.<\/p>\n<p><strong>ALIBER<\/strong> is an international non-profit association. Visit the sections <a href=\"https:\/\/aliber.org\/web\/quienes-somos\/\">on ALIBER<\/a> and <a href=\"https:\/\/aliber.org\/web\/socios\/\">Partners<\/a> ALIBER know who we are and what our motivations.<\/p>\n<p><strong>Contact<\/strong><\/p>\n<p>You can <a href=\"https:\/\/aliber.org\/web\/contacto\/\">contact<\/a> us via our form and email.<\/p>\n<p>Information received by email users will be treated confidentially.<\/p>\n<p><span class=\"\">Some rights<\/span> <span class=\"\">reserved<\/span><\/p>\n<p>This site is available under a <a href=\"http:\/\/creativecommons.org\/licenses\/by-sa\/3.0\/deed.es\">Creative Commons<\/a> license. (CC BY SA 3.0).<\/p>\n<p><strong>Sources<\/strong><\/p>\n<p>Administrators will publish information whose accuracy and veracity have evidence, and we ask participants to follow this rule, so, with your comments, must provide references and \/ or links to justify their claims about medicine and health, provided they do not in the case of a personal experience lived by himself.<\/p>\n<p>Whenever we mention a source of information offer the corresponding reference, and previously, this will be proven to verify their reliability and suitability.<\/p>\n<p><strong>Privacy<\/strong><\/p>\n<p>This web site is governed by <a href=\"http:\/\/www.boe.es\/buscar\/doc.php?id=BOE-A-1999-23750\">Law 15\/1999, of December 13, Protection of Personal Data<\/a> of Spain.<\/p>\n<p><strong>ALIBER not index or manage or transferred to third parties sensitive information<\/strong> (names, emails &#8230;) or other participants in your blog <a href=\"https:\/\/aliber.org\/web\/category\/sin-categoria\/\">news<\/a>.<\/p>\n<p><strong>ALIBER does not use cookies<\/strong>, but <strong>uses the <a href=\"http:\/\/wordpress.com\/\">WordPress.com<\/a><\/strong> blog platform for <a href=\"https:\/\/aliber.org\/web\/en\/category\/aliber\/\">news<\/a>.<br>You can find the privacy policy of <strong>Automattic<\/strong>, which runs WordPress, <a href=\"http:\/\/automattic.com\/privacy\/\">here<\/a>.<\/p>\n<p>Attention: Remember that every message posted can be read and used by everyone and can be used and cited in other pages. Comments are automatically published them as they are received, and can exercise over them the legitimate rights of access, rectification and cancellation by their authors or the persons mentioned, through us, by email. Please do not include personal or sensitive information about yourself or others without their consent in your comments.<\/p>\n<p>The readers&#8217; comments may be published with the author&#8217;s name (recommended) or anonymously. Health professionals to insert comments should be identified and specify their training. Otherwise, they shall not be considered made by a health professional.<\/p>\n<p>Netiquette<\/p>\n<p>Respect the basic rules of Internet etiquette: Do not impersonate others. Log properly. He is respectful to others and do not include offensive information to others in your comments. Nor do you include advertising or private or confidential information. If this is detected or receive a complaint, your comment will be modified or deleted.<\/p>\n<p>To avoid SPAM, the first comment of each participant in our <a href=\"https:\/\/aliber.org\/web\/en\/category\/aliber\/\">news <\/a>blog required to be validated before publication.<\/p>\n<p><strong>Advertising<\/strong><\/p>\n<p>This site does not host advertising, but advertises its news and non-profit activities that Aliber carried out, and reports on other services and activities related to rare diseases.<\/p>\n<p><strong>Graphic identity<\/strong><\/p>\n<p>Most <strong>images on this page<\/strong> are taken from the Internet. If someone is annoyed by its publication, being the author and not having asked permission, we apologize; to leave an email will be removed without problems.[:]\t\t\t\t\t\t\t\t<\/div>\n\t\t\t\t<\/div>\n\t\t\t\t\t<\/div>\n\t\t<\/div>\n\t\t\t\t\t<\/div>\n\t\t<\/section>\n\t\t\t\t<\/div>\n\t\t","protected":false},"excerpt":{"rendered":"<p>Por favor, lea todos los apartados del presente Aviso Legal antes de utilizar este sitio web. Las siguientes condiciones son vinculantes para cualquier usuario del mismo. En cumplimiento con el<a href=\"https:\/\/aliber.org\/web\/aviso-legal\/\">[&#8230;]<\/a><\/p>\n","protected":false},"author":2,"featured_media":0,"parent":0,"menu_order":0,"comment_status":"closed","ping_status":"closed","template":"template-fullwidth.php","meta":{"_exactmetrics_skip_tracking":false,"_exactmetrics_sitenote_active":false,"_exactmetrics_sitenote_note":"","_exactmetrics_sitenote_category":0,"footnotes":""},"class_list":["post-35","page","type-page","status-publish","hentry"],"_links":{"self":[{"href":"https:\/\/aliber.org\/web\/wp-json\/wp\/v2\/pages\/35","targetHints":{"allow":["GET"]}}],"collection":[{"href":"https:\/\/aliber.org\/web\/wp-json\/wp\/v2\/pages"}],"about":[{"href":"https:\/\/aliber.org\/web\/wp-json\/wp\/v2\/types\/page"}],"author":[{"embeddable":true,"href":"https:\/\/aliber.org\/web\/wp-json\/wp\/v2\/users\/2"}],"replies":[{"embeddable":true,"href":"https:\/\/aliber.org\/web\/wp-json\/wp\/v2\/comments?post=35"}],"version-history":[{"count":4,"href":"https:\/\/aliber.org\/web\/wp-json\/wp\/v2\/pages\/35\/revisions"}],"predecessor-version":[{"id":6973,"href":"https:\/\/aliber.org\/web\/wp-json\/wp\/v2\/pages\/35\/revisions\/6973"}],"wp:attachment":[{"href":"https:\/\/aliber.org\/web\/wp-json\/wp\/v2\/media?parent=35"}],"curies":[{"name":"wp","href":"https:\/\/api.w.org\/{rel}","templated":true}]}}