{"id":50,"date":"2016-04-05T08:30:18","date_gmt":"2016-04-05T06:30:18","guid":{"rendered":"https:\/\/aliber.org\/web\/?page_id=50"},"modified":"2022-03-08T00:41:28","modified_gmt":"2022-03-07T23:41:28","slug":"privacidad","status":"publish","type":"page","link":"https:\/\/aliber.org\/web\/privacidad\/","title":{"rendered":"Privacidad"},"content":{"rendered":"\t\t<div data-elementor-type=\"wp-page\" data-elementor-id=\"50\" class=\"elementor elementor-50\" data-elementor-post-type=\"page\">\n\t\t\t\t\t\t<section class=\"elementor-section elementor-top-section elementor-element elementor-element-71151812 elementor-section-boxed elementor-section-height-default elementor-section-height-default\" data-id=\"71151812\" data-element_type=\"section\" data-e-type=\"section\">\n\t\t\t\t\t\t<div class=\"elementor-container elementor-column-gap-default\">\n\t\t\t\t\t<div class=\"elementor-column elementor-col-100 elementor-top-column elementor-element elementor-element-7f766a00\" data-id=\"7f766a00\" data-element_type=\"column\" data-e-type=\"column\">\n\t\t\t<div class=\"elementor-widget-wrap elementor-element-populated\">\n\t\t\t\t\t\t<div class=\"elementor-element elementor-element-3df23d9f elementor-widget elementor-widget-text-editor\" data-id=\"3df23d9f\" data-element_type=\"widget\" data-e-type=\"widget\" data-widget_type=\"text-editor.default\">\n\t\t\t\t<div class=\"elementor-widget-container\">\n\t\t\t\t\t\t\t\t\t<p>ALIANZA IBEROAMERICANA DE ENFERMEDADES RARAS, HU\u00c9RFANAS O POCO FRECUENTES (ALIBER) informa seguidamente de su pol\u00edtica de privacidad aplicada a los datos personales. El uso de la p\u00e1gina web no implica que el usuario deba suministrar informaci\u00f3n alguna respecto a su identidad, no pudiendo ser asociada a un usuario concreto por la empresa. En el supuesto que se suministre datos de car\u00e1cter de personal, estos datos ser\u00e1n recogidos y utilizados conforme a las limitaciones y los derechos recogidos en la citada norma.<\/p>\n<h2 style=\"text-align: center; color: #29176f;\">POL\u00cdTICA DE PRIVACIDAD<\/h2>\n<h2><strong>\u00bfQUI\u00c9N ES EL RESPONSABLE DEL TRATAMIENTO DE SUS DATOS?<\/strong><\/h2>\n<ul>\n<li><strong style=\"color: #29176f;\">RESPONSABLE DEL TRATAMIENTO <\/strong>de sus datos es: ALIANZA IBEROAMERICANA DE ENFERMEDADES RARAS, HU\u00c9RFANAS O POCO FRECUENTES (ALIBER)<\/li>\n<li><strong style=\"color: #29176f;\">CIF: <\/strong>G73848566<\/li>\n<li><strong style=\"color: #29176f;\">Direcci\u00f3n Postal:<\/strong> C\/San Crsit\u00f3bal 7, 30850, Totana, MURCIA<\/li>\n<li><strong style=\"color: #29176f;\">Correo electr\u00f3nico: <\/strong><u>info@aliber.org<\/u><\/li>\n<\/ul>\n<p><strong style=\"color: #29176f;\">\u00bfQU\u00c9 TIPO DE DATOS TRATAMOS?<\/strong><\/p>\n<p>Dependiendo de los productos, servicios o funcionalidades de los que quiera disfrutar en cada momento necesitaremos tratar unos datos u otros.&nbsp; En general dichos datos, ser\u00e1n, seg\u00fan el caso, los siguientes:<\/p>\n<ul>\n<li>Sus datos identificativos (Por ejemplo: Su nombre, apellido, idioma, pa\u00eds desde el que interact\u00faas con nosotros, datos de contacto, etc.)<\/li>\n<li>Datos de conexi\u00f3n, geolocalizaci\u00f3n y navegaci\u00f3n (en caso de que interact\u00faes con nosotros desde el m\u00f3vil, por ejemplo).<\/li>\n<li>Mantenerle informado sobre las actividades y eventos promovidos y realizados por la asociaci\u00f3n mediante nuestra newsletter\/bolet\u00edn.<\/li>\n<li>Datos de salud y socio-econ\u00f3micos.<\/li>\n<\/ul>\n<p>Recuerda que, cuando le pidamos que rellene sus datos personales para darle acceso a alguna funcionalidad o servicio de la web, marcaremos algunos campos como obligatorios, puesto que son datos que necesitamos para poder prestarle el servicio o darle acceso a la funcionalidad en cuesti\u00f3n.<\/p>\n<p>Por favor, tenga en cuenta que, si decide no facilitarnos esos datos, es posible que no pueda completar su registro como usuario o que no pueda disfrutar de esos servicios o funcionalidades.<\/p>\n<p><strong style=\"color: #29176f;\">\u00bfCON QU\u00c9 FINALIDAD TRATAMOS SUS DATOS PERSONALES?<\/strong><\/p>\n<p>Dependiendo de c\u00f3mo interact\u00fae con nuestra web, trataremos sus datos personales para las siguientes finalidades:<\/p>\n<ol>\n<li><strong>Para atender las solicitudes o peticiones que realice a trav\u00e9s de los distintos medios incorporados a nuestra web. <\/strong><\/li>\n<\/ol>\n<p>S\u00f3lo tratamos los datos personales que sean estrictamente necesarios para gestionar o resolver su solicitud o petici\u00f3n.<\/p>\n<ol start=\"2\">\n<li><strong>Usuarios del Servicio de Informaci\u00f3n y Orientaci\u00f3n.<\/strong><\/li>\n<\/ol>\n<p>Tratamos la informaci\u00f3n de los usuarios de este servicio con la finalidad de resolver sus dudas y\/o de actuar como mediador entre el consultante y los facultativos, profesionales o entidades que ayudar\u00e1n a &nbsp;resolver las consultas, y hacer un seguimiento de las mismas.<\/p>\n<ol start=\"3\">\n<li><strong>Mantenerle informado sobre las actividades y eventos.<\/strong><\/li>\n<\/ol>\n<p>En la medida en que se suscriba a nuestra Newsletter\/bolet\u00edn, o sea usuario del SIO, sus datos personales ser\u00e1n utilizados para la remisi\u00f3n peri\u00f3dica de boletines informativos de la misma.<\/p>\n<p>Debe recordar que puede darse de baja de la Newsletter\/bolet\u00edn en cualquier momento y sin coste alguno comunic\u00e1ndolo a ALIANZA IBEROAMERICANA DE ENFERMEDADES RARAS, HU\u00c9RFANAS O POCO FRECUENTES (ALIBER) en el e-mail <u>info@aliber.org,<\/u><\/p>\n<ol start=\"4\">\n<li><strong style=\"color: #29176f;\">An\u00e1lisis de usabilidad y de calidad para la mejora de nuestros servicios (Cookies)<\/strong><\/li>\n<\/ol>\n<p>Si accede a nuestra Plataforma, le informamos de que trataremos sus datos de navegaci\u00f3n para fines anal\u00edticos y estad\u00edsticos, es decir, para entender la forma en la que los usuarios interact\u00faan con nuestra Plataforma y as\u00ed ser capaces de introducir mejoras en la misma. As\u00ed mismo, en ocasiones, realizamos acciones y encuestas de calidad destinadas a conocer el grado de satisfacci\u00f3n de nuestros clientes y usuarios y detectar aquellas \u00e1reas en las que podemos mejorar.<\/p>\n<p><strong style=\"color: #29176f;\">\u00bfCU\u00c1L ES LA LEGITIMACI\u00d3N PARA EL TRATAMIENTO DE SUS DATOS?<\/strong><\/p>\n<p>La base legal que nos permite tratar sus datos personales tambi\u00e9n depende de la finalidad para la que los tratemos, de este modo encontraremos distintas bases legales en virtud de las siguientes finalidades:<\/p>\n<ol start=\"5\">\n<li><strong style=\"color: #29176f;\">&nbsp;Atenci\u00f3n solicitudes de informaci\u00f3n.<\/strong><\/li>\n<\/ol>\n<p>La base legal para el tratamiento de sus datos es el consentimiento informado para dar respuesta a las consultas planteadas a trav\u00e9s de la p\u00e1gina web, lo que supone la aceptaci\u00f3n de estas condiciones por parte del interesado.<\/p>\n<ol start=\"6\">\n<li><strong style=\"color: #29176f;\">Usuarios de Servicio SIO.<\/strong><\/li>\n<\/ol>\n<p>La base contractual para el tratamiento de sus datos es la inscripci\u00f3n como usuario del SIO en la ALIANZA IBEROAMERICANA DE ENFERMEDADES RARAS, HU\u00c9RFANAS O POCO FRECUENTES (ALIBER), as\u00ed como, la comunicaci\u00f3n de datos para fines a terceros pa\u00edses fuera de la UE para fines administrativos internos y prestar el servicio de informaci\u00f3n y orientaci\u00f3n a los usuarios y\/o sus representantes.<\/p>\n<ol start=\"7\">\n<li><strong style=\"color: #29176f;\">Newsletter\/Bolet\u00edn.<\/strong><\/li>\n<\/ol>\n<p>La base leg\u00edtima para tratar sus datos para el env\u00edo del bolet\u00edn es el inter\u00e9s leg\u00edtimo de la organizaci\u00f3n, as\u00ed como el consentimiento que usted presta.<\/p>\n<ol start=\"8\">\n<li><strong style=\"color: #29176f;\">An\u00e1lisis de usabilidad y de calidad (Cookies)<\/strong><\/li>\n<\/ol>\n<p>Consentimiento del usuario para la implantaci\u00f3n de cookies.<\/p>\n<p><strong style=\"color: #29176f;\">\u00bfDURANTE CU\u00c1NTO TIEMPO CONSERVAREMOS SUS DATOS?<\/strong><\/p>\n<ol start=\"9\">\n<li><strong style=\"color: #29176f;\">Solicitud de informaci\u00f3n.<\/strong><\/li>\n<\/ol>\n<p>Trataremos sus datos durante el tiempo que sea necesario para atender su solicitud o petici\u00f3n y posteriormente 1 a\u00f1o.<\/p>\n<ol start=\"10\">\n<li><strong style=\"color: #29176f;\">Usuario del Servicio SIO.<\/strong><\/li>\n<\/ol>\n<p>Sus datos personales ser\u00e1n mantenidos durante el tiempo que el usuario permanezca vinculado al SIO de la ALIANZA IBEROAMERICANA DE ENFERMEDADES RARAS, HU\u00c9RFANAS O POCO FRECUENTES (ALIBER) y posteriormente cuando si el usuario desea ejercer el derecho de desvincularse del Servicio mediante los canales establecidos para ello, estos datos ser\u00e1n anonimizados.<\/p>\n<ol start=\"11\">\n<li><strong style=\"color: #29176f;\">Newsletter\/Bolet\u00edn.<\/strong><\/li>\n<\/ol>\n<p>Trataremos sus datos hasta que solicite la baja de la asociaci\u00f3n o cancele su suscripci\u00f3n a la newsletter.<\/p>\n<ol start=\"12\">\n<li><strong style=\"color: #29176f;\">An\u00e1lisis de usabilidad y de calidad (Cookies)<\/strong><\/li>\n<\/ol>\n<p>Trataremos sus datos los plazos de caducidad establecidos en nuestra Pol\u00edtica de cookies.<\/p>\n<p><strong style=\"color: #29176f;\">\u00bfCOMPARTIREMOS SUS DATOS CON TERCEROS?<\/strong><\/p>\n<p>Para cumplir las finalidades indicadas en la presente Pol\u00edtica de Privacidad, es necesario que demos acceso a sus datos personales a terceras partes que nos presten apoyo en los servicios que le ofrecemos y que detallamos a continuaci\u00f3n:<\/p>\n<ul>\n<li>Para llevar a cabo la prestaci\u00f3n del servicio del SIO correspondiente y poner en contacto a los solicitantes con ofertantes de servicios.<\/li>\n<li>Proveedores de servicios tecnol\u00f3gicos<\/li>\n<\/ul>\n<p><strong>Transferencias internacionales de datos:<\/strong> Sus datos ser\u00e1n comunicados a terceros pa\u00edses fuera de la UE para gestiones administrativas internas. Asimismo, sus datos podr\u00e1n ser comunicados a profesionales o entidades ubicadas en terceros pa\u00edses para la gesti\u00f3n del servicio de informaci\u00f3n y orientaci\u00f3n que presta la asociaci\u00f3n a los usuarios. Estas cesiones resultan necesarias para la correcta prestaci\u00f3n del servicio de la Asociaci\u00f3n y la persecuci\u00f3n de sus fines, resultando imposible la prestaci\u00f3n de dichos servicios en caso de negativa. Las transferencias internacionales de datos se efectuar\u00e1n, en todo caso, mediante las herramientas de armonizaci\u00f3n establecidas en la normativa vigente, cumpliendo con los principios de la normativa de protecci\u00f3n de datos y con las medidas de seguridad adecuadas al riesgo asociado a los datos que se comuniquen.<\/p>\n<p><strong style=\"color: #29176f;\">\u00bfCU\u00c1LES SON TUS DERECHOS CUANDO NOS FACILITA TUS DATOS?<\/strong><\/p>\n<p>Nos comprometemos a respetar la confidencialidad de sus datos personales y a garantizarle el ejercicio de sus derechos.<\/p>\n<p>Podr\u00e1 ejercitarlos sin coste alguno remiti\u00e9ndonos un correo electr\u00f3nico a nuestra direcci\u00f3n info@aliber.org, simplemente indic\u00e1ndonos el motivo de su solicitud y el derecho que quiere ejercitar.<\/p>\n<p>En caso de que lo consideremos necesario para poder identificarle, podremos solicitarle copia de un documento acreditativo de su identidad. En particular, independientemente de la finalidad o la base legal en virtud de la que tratemos sus datos, usted tiene derecho a:<\/p>\n<p>Pedirnos acceso a los datos suyos de los que disponemos.<\/p>\n<p>Pedirnos que rectifiquemos los datos de los que ya disponemos. Tenga en cuenta que, al facilitarnos activamente sus datos personales por cualquier v\u00eda, garantiza que son ciertos y exactos y se compromete a notificarnos cualquier cambio o modificaci\u00f3n de los mismos.<\/p>\n<p>Pedirnos que suprimamos sus datos en la medida en que ya no sean necesarios para la finalidad para los que necesitemos tratarlos seg\u00fan te hemos informado con anterioridad, o en que ya no contemos con legitimaci\u00f3n para hacerlo.<\/p>\n<p>Pedirnos que limitemos el tratamiento de sus datos, lo que supone que en determinados casos pueda solicitarnos que suspendamos temporalmente el tratamiento de los datos o que los conservemos m\u00e1s all\u00e1 del tiempo necesario cuando puedas necesitarlo. Si nos ha proporcionado su consentimiento para el tratamiento de sus datos para cualquier finalidad, tambi\u00e9n tiene derecho a retirarlo en cualquier momento.<\/p>\n<p>Por otra parte, cuando el tratamiento de sus datos est\u00e9 basado en nuestro inter\u00e9s leg\u00edtimo, tambi\u00e9n tendr\u00e1s derecho a oponerte al tratamiento de sus datos.<\/p>\n<p>Por \u00faltimo, le informamos de su derecho a presentar una reclamaci\u00f3n ante la autoridad de control en materia de protecci\u00f3n de datos pertinente, en particular, ante la Agencia Espa\u00f1ola de Protecci\u00f3n de Datos <a href=\"https:\/\/www.agpd.es\/portalwebAGPD\/index-ides-idphp.php\">https:\/\/www.agpd.es\/portalwebAGPD\/index-ides-idphp.php<\/a><\/p>\n<h2 style=\"color: #29176f;\">CAMBIOS A LA POL\u00cdTICA DE PRIVACIDAD.<\/h2>\n<p>Es posible que modifiquemos la informaci\u00f3n contenida en esta Pol\u00edtica de Privacidad cuando lo estimemos conveniente. En caso de que lo hagamos, se lo notificaremos por distintas v\u00edas a trav\u00e9s de la Plataforma, o incluso se lo comunicaremos a tu direcci\u00f3n de correo electr\u00f3nico cuando el cambio en cuesti\u00f3n sea significativo para con su privacidad, de manera que pueda revisar los cambios, valorarlos y, en su caso, oponerse o darse de baja en alg\u00fan servicio o funcionalidad.<\/p>\n<h2 style=\"color: #29176f;\">INFORMACI\u00d3N SOBRE COOKIES<\/h2>\n<p>Utilizamos cookies y dispositivos similares para facilitar su navegaci\u00f3n en la Plataforma, conocer c\u00f3mo interact\u00faas con nosotros y, en determinados casos, poder mostrarte publicidad en funci\u00f3n de tus h\u00e1bitos de navegaci\u00f3n. Por favor, lee nuestra <strong><a href=\"https:\/\/aliber.org\/web\/politica-de-cookies\/\">Pol\u00edtica de Cookies<\/a><\/strong> para conocer con mayor detalle las cookies y dispositivos similares que usamos, su finalidad y otra informaci\u00f3n de inter\u00e9s.[:pt]En cumplimiento de la Ley Org\u00e1nica 15\/1999, de 13 de diciembre, de Protecci\u00f3n de Datos de Car\u00e1cter Personal (en adelante LOPD), le informamos que los datos suministrados a trav\u00e9s del sitio web <b>aliber.org<\/b>, v\u00eda telef\u00f3nica, o por correo electr\u00f3nico quedar\u00e1n incluidos en un fichero titularidad de <b>ALIBER <\/b>en los t\u00e9rminos establecidos en la presente pol\u00edtica de privacidad.<\/p>\n<p>Sus datos ser\u00e1n tratados con la finalidad principal de coordinar el programa de inclusi\u00f3n, as\u00ed como para el env\u00edo de comunicaciones comerciales de <b>ALIBER<\/b>, normalmente por v\u00eda electr\u00f3nica, as\u00ed como para el env\u00edo de nuestra Newsletter, salvo que usted exprese lo contrario dirigi\u00e9ndose a nosotros mediante el correo electr\u00f3nico <b><span class=\"codedirection\">gro.rebila@rebila<\/span><\/b>.<\/p>\n<p>Los datos solicitados mediante formularios ser\u00e1n los estrictamente necesarios para poder proporcionarle el servicio o para poder ponerse en contacto con usted. En ning\u00fan caso, el hecho de no proporcionar m\u00e1s datos que los estrictamente necesarios supondr\u00e1 una merma en la calidad del servicio.<\/p>\n<p>Usted garantiza que los datos personales facilitados son veraces y se hace responsable de comunicar cualquier modificaci\u00f3n en los mismos. Usted ser\u00e1 el \u00fanico responsable de cualquier da\u00f1o o perjuicio, directo o indirecto, que pudiera ocasionar a <b>ALIBER<\/b> o a cualquier tercero, a causa de la cumplimentaci\u00f3n de los formularios con datos falsos, inexactos, incompletos o no actualizados. En el caso de que incluya datos de car\u00e1cter personal de terceros deber\u00e1, con car\u00e1cter previo a su inclusi\u00f3n, informarles de lo establecido en la presente pol\u00edtica de privacidad, siendo el \u00fanico responsable de su inclusi\u00f3n.<\/p>\n<p>Usted puede ejercitar en todo momento sus derechos de acceso, rectificaci\u00f3n, cancelaci\u00f3n y oposici\u00f3n mediante escrito, adjuntando fotocopia de su DNI, dirigido a <b>C\/ Estrecha, 4 \u2013 CP 30850 Totana (Murcia)<\/b>, o bien por correo electr\u00f3nico a <b><span class=\"codedirection\">gro.rebila@rebila<\/span><\/b>.<\/p>\t\t\t\t\t\t\t\t<\/div>\n\t\t\t\t<\/div>\n\t\t\t\t\t<\/div>\n\t\t<\/div>\n\t\t\t\t\t<\/div>\n\t\t<\/section>\n\t\t\t\t<\/div>\n\t\t","protected":false},"excerpt":{"rendered":"<p>ALIANZA IBEROAMERICANA DE ENFERMEDADES RARAS, HU\u00c9RFANAS O POCO FRECUENTES (ALIBER) informa seguidamente de su pol\u00edtica de privacidad aplicada a los datos personales. El uso de la p\u00e1gina web no implica<a href=\"https:\/\/aliber.org\/web\/privacidad\/\">[&#8230;]<\/a><\/p>\n","protected":false},"author":2,"featured_media":0,"parent":0,"menu_order":0,"comment_status":"closed","ping_status":"closed","template":"template-fullwidth.php","meta":{"_exactmetrics_skip_tracking":false,"_exactmetrics_sitenote_active":false,"_exactmetrics_sitenote_note":"","_exactmetrics_sitenote_category":0,"footnotes":""},"class_list":["post-50","page","type-page","status-publish","hentry"],"_links":{"self":[{"href":"https:\/\/aliber.org\/web\/wp-json\/wp\/v2\/pages\/50","targetHints":{"allow":["GET"]}}],"collection":[{"href":"https:\/\/aliber.org\/web\/wp-json\/wp\/v2\/pages"}],"about":[{"href":"https:\/\/aliber.org\/web\/wp-json\/wp\/v2\/types\/page"}],"author":[{"embeddable":true,"href":"https:\/\/aliber.org\/web\/wp-json\/wp\/v2\/users\/2"}],"replies":[{"embeddable":true,"href":"https:\/\/aliber.org\/web\/wp-json\/wp\/v2\/comments?post=50"}],"version-history":[{"count":6,"href":"https:\/\/aliber.org\/web\/wp-json\/wp\/v2\/pages\/50\/revisions"}],"predecessor-version":[{"id":7078,"href":"https:\/\/aliber.org\/web\/wp-json\/wp\/v2\/pages\/50\/revisions\/7078"}],"wp:attachment":[{"href":"https:\/\/aliber.org\/web\/wp-json\/wp\/v2\/media?parent=50"}],"curies":[{"name":"wp","href":"https:\/\/api.w.org\/{rel}","templated":true}]}}