{"id":6778,"date":"2022-01-12T22:33:26","date_gmt":"2022-01-12T21:33:26","guid":{"rendered":"https:\/\/aliber.org\/web\/?page_id=6778"},"modified":"2025-08-30T00:13:38","modified_gmt":"2025-08-29T22:13:38","slug":"socios","status":"publish","type":"page","link":"https:\/\/aliber.org\/web\/socios\/","title":{"rendered":"Socios"},"content":{"rendered":"\t\t<div data-elementor-type=\"wp-page\" data-elementor-id=\"6778\" class=\"elementor elementor-6778\" data-elementor-post-type=\"page\">\n\t\t\t\t\t\t<section class=\"elementor-section elementor-top-section elementor-element elementor-element-11253d4 elementor-section-boxed elementor-section-height-default elementor-section-height-default\" data-id=\"11253d4\" data-element_type=\"section\" data-e-type=\"section\">\n\t\t\t\t\t\t<div class=\"elementor-container elementor-column-gap-default\">\n\t\t\t\t\t<div class=\"elementor-column elementor-col-100 elementor-top-column elementor-element elementor-element-1fe17de\" data-id=\"1fe17de\" data-element_type=\"column\" data-e-type=\"column\">\n\t\t\t<div class=\"elementor-widget-wrap elementor-element-populated\">\n\t\t\t\t\t\t<div class=\"elementor-element elementor-element-77e1381 elementor-widget elementor-widget-text-editor\" data-id=\"77e1381\" data-element_type=\"widget\" data-e-type=\"widget\" data-widget_type=\"text-editor.default\">\n\t\t\t\t<div class=\"elementor-widget-container\">\n\t\t\t\t\t\t\t\t\t<div class=\"socio\"><img fetchpriority=\"high\" decoding=\"async\" class=\"aligncenter size-full wp-image-7165\" src=\"https:\/\/aliber.org\/web\/wp-content\/uploads\/2022\/03\/001-fadefop.png\" alt=\"\" width=\"296\" height=\"296\" srcset=\"https:\/\/aliber.org\/web\/wp-content\/uploads\/2022\/03\/001-fadefop.png 296w, https:\/\/aliber.org\/web\/wp-content\/uploads\/2022\/03\/001-fadefop-150x150.png 150w, https:\/\/aliber.org\/web\/wp-content\/uploads\/2022\/03\/001-fadefop-250x250.png 250w, https:\/\/aliber.org\/web\/wp-content\/uploads\/2022\/03\/001-fadefop-174x174.png 174w, https:\/\/aliber.org\/web\/wp-content\/uploads\/2022\/03\/001-fadefop-120x120.png 120w\" sizes=\"(max-width: 296px) 100vw, 296px\" \/>\n<a href=\"https:\/\/fadepof.org.ar\/\" target=\"_blank\" rel=\"noopener noreferrer\">FADEPOF<\/a>\n<span style=\"color: #0000cd;\">Federaci\u00f3n Argentina De Enfermedades Poco Frecuentes<\/span>\nRoberta Anido, Argentina<\/div>\n<div class=\"socio\"><img decoding=\"async\" class=\"aligncenter size-full wp-image-7165\" src=\"https:\/\/aliber.org\/web\/wp-content\/uploads\/2021\/06\/Instituto-VIDASRARAS.-BRASIL.png\" alt=\"\" width=\"296\" height=\"296\" \/>\n<a href=\"http:\/\/www.vidasraras.org.br\" target=\"_blank\" rel=\"noopener noreferrer\">Instituto Vidas Raras<\/a>\n<span style=\"color: #0000cd;\">Instituto Vidas Raras<\/span>\nAmira Awada, Brasil<\/div>\n<div class=\"socio\"><img decoding=\"async\" class=\"aligncenter size-full wp-image-7165\" src=\"https:\/\/aliber.org\/web\/wp-content\/uploads\/2016\/04\/acopel-300x300.jpg\" alt=\"\" width=\"296\" height=\"296\" \/>\n<a href=\"https:\/\/www.acopel.org.co\/laweb\/\" target=\"_blank\" rel=\"noopener noreferrer\">ACOPEL<\/a>\n<span style=\"color: #0000cd;\">Asociaci\u00f3n Colombiana De Pacientes Con Enfermedades De Dep\u00f3sito Lisosomal<\/span>\nLuz Victoria Salazar, Colombia<\/div>\n<div class=\"socio\"><img loading=\"lazy\" decoding=\"async\" class=\"aligncenter size-full wp-image-7165\" src=\"https:\/\/aliber.org\/web\/wp-content\/uploads\/2016\/04\/fepel-300x300.jpg\" alt=\"\" width=\"296\" height=\"296\" \/>\n<a href=\"https:\/\/www.facebook.com\/pages\/category\/Charity-Organization\/Fepel-Dasha-108915191246380\/\" target=\"_blank\" rel=\"noopener noreferrer\">FEPEL DASHA<\/a>\n<span style=\"color: #0000cd;\">Fundaci\u00f3n Ecuatoriana De Pacientes Con Enfermedades De Dep\u00f3sito Lisosomal<\/span>\nEliecer Quispe, Ecuador<\/div>\n<div class=\"socio\"><img loading=\"lazy\" decoding=\"async\" class=\"aligncenter size-full wp-image-7165\" src=\"https:\/\/aliber.org\/web\/wp-content\/uploads\/2016\/11\/feder.png\" alt=\"\" width=\"296\" height=\"296\" \/>\n<a href=\"https:\/\/enfermedades-raras.org\/\" target=\"_blank\" rel=\"noopener noreferrer\">FEDER<\/a>\n<span style=\"color: #0000cd;\">Federaci\u00f3n Espa\u00f1ola De Enfermedades Raras<\/span>\nAlba Ancochea, Espa\u00f1a<\/div>\n<div class=\"socio\"><img loading=\"lazy\" decoding=\"async\" class=\"aligncenter size-full wp-image-7165\" src=\"https:\/\/aliber.org\/web\/wp-content\/uploads\/2022\/03\/006-dgenes.png\" alt=\"\" width=\"296\" height=\"296\" \/>\n<a href=\"https:\/\/www.dgenes.es\/\" target=\"_blank\" rel=\"noopener noreferrer\">D&#8217;GENES<\/a>\n<span style=\"color: #0000cd;\">D\u00b4Genes Asociaci\u00f3n De Enfermedades Raras<\/span>\nMiguel Angel Ruiz, Espa\u00f1a<\/div>\n<div class=\"socio\"><img loading=\"lazy\" decoding=\"async\" class=\"aligncenter size-full wp-image-7165\" src=\"https:\/\/aliber.org\/web\/wp-content\/uploads\/2016\/04\/omer-300x300.jpg\" alt=\"\" width=\"296\" height=\"296\" \/>\n<a href=\"https:\/\/www.facebook.com\/omergdl\/\" target=\"_blank\" rel=\"noopener noreferrer\">OMER<\/a>\n<span style=\"color: #0000cd;\">Organizaci\u00f3n Mexicana De Enfermedades Raras<\/span>\nJes\u00fas Navarro, M\u00e9xico<\/div>\n<div class=\"socio\"><img loading=\"lazy\" decoding=\"async\" class=\"aligncenter size-full wp-image-7165\" src=\"https:\/\/aliber.org\/web\/wp-content\/uploads\/2022\/03\/002-fedra.png\" alt=\"\" width=\"296\" height=\"296\" \/>\n<a href=\"https:\/\/fedra.pt\/\" target=\"_blank\" rel=\"noopener noreferrer\">FEDRA<\/a>\n<span style=\"color: #0000cd;\">Federaci\u00f3n Portuguesa De Enfermedades Raras<\/span>\nLuis Quaresma, Portugal<\/div>\n<div class=\"socio\"><img loading=\"lazy\" decoding=\"async\" class=\"aligncenter size-full wp-image-7165\" src=\"https:\/\/aliber.org\/web\/wp-content\/uploads\/2016\/04\/atueru-300x300.jpg\" alt=\"\" width=\"296\" height=\"296\" \/>\n<a href=\"https:\/\/atueru.org.uy\/\" target=\"_blank\" rel=\"noopener noreferrer\">ATUERU<\/a>\n<span style=\"color: #0000cd;\">Asociaci\u00f3n Todos Unidos Por Las Enfermedades Raras Uruguay<\/span>\nAndrea Falero, Uruguay<\/div>\n<div class=\"socio\"><img loading=\"lazy\" decoding=\"async\" class=\"aligncenter size-full wp-image-7165\" src=\"https:\/\/aliber.org\/web\/wp-content\/uploads\/2022\/03\/015-felch.png\" alt=\"\" width=\"296\" height=\"296\" \/>\n<a href=\"https:\/\/fundacionfelch.cl\/\" target=\"_blank\" rel=\"noopener noreferrer\">FELCH<\/a>\n<span style=\"color: #0000cd;\">Fundaci\u00f3n Chilena De Pacientes De Enfermedades Lisosomales<\/span>\nMyriam Estivill, Chile<\/div>\n<div class=\"socio\"><img loading=\"lazy\" decoding=\"async\" class=\"aligncenter size-full wp-image-7165\" src=\"https:\/\/aliber.org\/web\/wp-content\/uploads\/2022\/03\/013-enhu.png\" alt=\"\" width=\"296\" height=\"296\" \/>\n<a href=\"https:\/\/enhu.org.co\/\" target=\"_blank\" rel=\"noopener noreferrer\">ENHU<\/a>\n<span style=\"color: #0000cd;\">Observatorio Interinstitucional De Enfermedades Huerfanas<\/span>\nLuz Victoria Salazar, Colombia<\/div>\n<div class=\"socio\"><img loading=\"lazy\" decoding=\"async\" class=\"aligncenter size-full wp-image-7165\" src=\"https:\/\/aliber.org\/web\/wp-content\/uploads\/2016\/04\/asoiberoa-300x300.jpg\" alt=\"\" width=\"296\" height=\"296\" \/>\n<a href=\"https:\/\/asoiberoamc.wixsite.com\/asoiberoamc\" target=\"_blank\" rel=\"noopener noreferrer\">ASOIBEROAMC<\/a>\n<span style=\"color: #0000cd;\">Fundaci\u00f3n Iberoamericana De Artrogriposis M\u00faltiple Cong\u00e9nita Y Otras Enfermedades No Comunes<\/span>\nJaneth Pe\u00f1aloza, Colombia<\/div>\n<div class=\"socio\"><img loading=\"lazy\" decoding=\"async\" class=\"aligncenter size-full wp-image-7165\" src=\"https:\/\/aliber.org\/web\/wp-content\/uploads\/2016\/11\/casahunter_300x300.png\" alt=\"\" width=\"296\" height=\"296\" \/>\n<a href=\"https:\/\/casahunter.org.br\/\" target=\"_blank\" rel=\"noopener noreferrer\">Casa Hunter<\/a>\n<span style=\"color: #0000cd;\">Casa Hunter<\/span>\nAntonio Daher, Brasil<\/div>\n<div class=\"socio\"><img loading=\"lazy\" decoding=\"async\" class=\"aligncenter size-full wp-image-7165\" src=\"https:\/\/aliber.org\/web\/wp-content\/uploads\/2016\/11\/abpar.jpg\" alt=\"\" width=\"296\" height=\"296\" \/>\n<a href=\"http:\/\/www.abpar.org.br\/\" target=\"_blank\" rel=\"noopener noreferrer\">ABPAR<\/a>\n<span style=\"color: #0000cd;\">Associa\u00e7ao Brasileira De Paramiloidose<\/span>\nFabio Figueredo, Brasil<\/div>\n<div class=\"socio\"><img loading=\"lazy\" decoding=\"async\" class=\"aligncenter size-full wp-image-7165\" src=\"https:\/\/aliber.org\/web\/wp-content\/uploads\/2022\/03\/018-elip.png\" alt=\"\" width=\"296\" height=\"296\" \/>\n<a href=\"http:\/\/www.aelip.es\/\" target=\"_blank\" rel=\"noopener noreferrer\">AELIP<\/a>\n<span style=\"color: #0000cd;\">Asociaci\u00f3n de Familiares y Afectados por Lipodistrofias<\/span>\nJos\u00e9 Jer\u00e9z Ruiz, Espa\u00f1a<\/div>\n<div class=\"socio\"><img loading=\"lazy\" decoding=\"async\" class=\"aligncenter size-full wp-image-7165\" src=\"https:\/\/aliber.org\/web\/wp-content\/uploads\/2016\/11\/APEEA_300x300.jpg\" alt=\"\" width=\"296\" height=\"296\" \/>\n<a href=\"https:\/\/m.facebook.com\/Asociaci%C3%B3n-Paraguaya-de-Esclerodermia-y-Enfermedades-Autoinmunes-153073591386073\/?_rdr\" target=\"_blank\" rel=\"noopener noreferrer\">APEyEA<\/a>\n<span style=\"color: #0000cd;\">Asociaci\u00f3n Paraguaya De Esclerodermia Y Enfermedades Autoinmunes<\/span>\nDeolinda Acosta, Paraguay<\/div>\n<div class=\"socio\"><img loading=\"lazy\" decoding=\"async\" class=\"aligncenter size-full wp-image-7165\" src=\"https:\/\/aliber.org\/web\/wp-content\/uploads\/2022\/03\/019-feper.png\" alt=\"\" width=\"296\" height=\"296\" \/>\n<a href=\"https:\/\/es-la.facebook.com\/enfermedadesrarasperu\/\" target=\"_blank\" rel=\"noopener noreferrer\">FEPER<\/a>\n<span style=\"color: #0000cd;\">Federaci\u00f3n Peruana De Enfermedades Raras<\/span>\nM\u00aa Lourdes Rodr\u00edguez, Per\u00fa<\/div>\n<div class=\"socio\"><img loading=\"lazy\" decoding=\"async\" class=\"aligncenter size-full wp-image-7165\" src=\"https:\/\/aliber.org\/web\/wp-content\/uploads\/2016\/11\/praderwillyuruguay.jpg\" alt=\"\" width=\"296\" height=\"296\" \/>\n<a href=\"https:\/\/www.facebook.com\/prader.willi.uruguay\/\" target=\"_blank\" rel=\"noopener noreferrer\">Asociaci\u00f3n Prader Willi del Pa\u00eds<\/a>\n<span style=\"color: #0000cd;\">Asociaci\u00f3n Prader Willi del Pa\u00eds<\/span>\nMar\u00eda In\u00e9s Fonseca, Uruguay<\/div>\n<div class=\"socio\"><img loading=\"lazy\" decoding=\"async\" class=\"aligncenter size-full wp-image-7165\" src=\"https:\/\/aliber.org\/web\/wp-content\/uploads\/2018\/10\/asi-300x300.png\" alt=\"\" width=\"296\" height=\"296\" \/>\n<a href=\"https:\/\/asicolombia.org.co\/web\/\" target=\"_blank\" rel=\"noopener noreferrer\">As\u00ed Colombia<\/a>\n<span style=\"color: #0000cd;\">As\u00ed Colombia<\/span>\nJuliana Gonz\u00e1lez, Colombia<\/div>\n<div class=\"socio\"><img loading=\"lazy\" decoding=\"async\" class=\"aligncenter size-full wp-image-7165\" src=\"https:\/\/aliber.org\/web\/wp-content\/uploads\/2018\/10\/AMFVHL-300x300.jpg\" alt=\"\" width=\"296\" height=\"296\" \/>\n<a href=\"https:\/\/es-la.facebook.com\/AlianzaVHLMexico\/\" target=\"_blank\" rel=\"noopener noreferrer\">Alianza Mexicana de Familias de Von Hippel Lindau<\/a>\n<span style=\"color: #0000cd;\">Alianza Mexicana de Familias de Von Hippel Lindau<\/span>\nEdith Godina Herrera\u00a0, M\u00e9xico<\/div>\n<div class=\"socio\"><img loading=\"lazy\" decoding=\"async\" class=\"aligncenter size-full wp-image-7165\" src=\"https:\/\/aliber.org\/web\/wp-content\/uploads\/2022\/03\/1928-esperantra.png\" alt=\"\" width=\"296\" height=\"296\" \/>\n<a href=\"https:\/\/www.esperantra.org\/\" target=\"_blank\" rel=\"noopener noreferrer\">Esperantra<\/a>\n<span style=\"color: #0000cd;\">Esperantra<\/span>\nKarla Ruiz de Castilla, Per\u00fa<\/div>\n<div class=\"socio\"><img loading=\"lazy\" decoding=\"async\" class=\"aligncenter size-full wp-image-7165\" src=\"https:\/\/aliber.org\/web\/wp-content\/uploads\/2020\/04\/CdLS_Colombia-150x150.jpg\" alt=\"\" width=\"296\" height=\"296\" \/>\n<a href=\"https:\/\/www.cdlscolombia.org\/\" target=\"_blank\" rel=\"noopener noreferrer\">Fundaci\u00f3n CDLS Colombia<\/a>\n<span style=\"color: #0000cd;\">Fundaci\u00f3n CDLS Colombia<\/span>\nJohana Mendivelso, Colombia<\/div>\n<div class=\"socio\"><img loading=\"lazy\" decoding=\"async\" class=\"aligncenter size-full wp-image-7165\" src=\"https:\/\/aliber.org\/web\/wp-content\/uploads\/2022\/03\/2088-funcolehf.png\" alt=\"\" width=\"296\" height=\"296\" \/>\n<a href=\"https:\/\/enfermedadeshuerfanas.org.co\/web\/\" target=\"_blank\" rel=\"noopener noreferrer\">FUNCOLEHF<\/a>\n<span style=\"color: #0000cd;\">Fundaci\u00f3n Colombiana para Enfermedades Hu\u00e9rfanas o Poco Frecuentes<\/span>\nMartha Herrera, Colombia<\/div>\n<div class=\"socio\"><img loading=\"lazy\" decoding=\"async\" class=\"aligncenter size-full wp-image-7165\" src=\"https:\/\/aliber.org\/web\/wp-content\/uploads\/2019\/04\/FUNDEM.png\" alt=\"\" width=\"296\" height=\"296\" \/>\n<a href=\"https:\/\/fundem-co.org\/\" target=\"_blank\" rel=\"noopener noreferrer\">FUNDEM<\/a>\n<span style=\"color: #0000cd;\">Fundaci\u00f3n Colombiana para la Esclerosis M\u00faltiple y Otras Enfermedades<\/span>\nXiomary Bermudez, Colombia<\/div>\n<div class=\"socio\"><img loading=\"lazy\" decoding=\"async\" class=\"aligncenter size-full wp-image-7165\" src=\"https:\/\/aliber.org\/web\/wp-content\/uploads\/2019\/04\/Rett-Guatemala.png\" alt=\"\" width=\"296\" height=\"296\" \/>\n<a href=\"https:\/\/es-la.facebook.com\/rettguatemala\/\" target=\"_blank\" rel=\"noopener noreferrer\">Rett Guatemala<\/a>\n<span style=\"color: #0000cd;\">Rett Guatemala<\/span>\nClarivel Castillo, Guatemala<\/div>\n<div class=\"socio\"><img loading=\"lazy\" decoding=\"async\" class=\"aligncenter size-full wp-image-7165\" src=\"https:\/\/aliber.org\/web\/wp-content\/uploads\/2019\/04\/aYOUdas-1.png\" alt=\"\" width=\"296\" height=\"296\" \/>\n<a href=\"https:\/\/es-la.facebook.com\/AyoudasPanama\/\" target=\"_blank\" rel=\"noopener noreferrer\">aYOUdas<\/a>\n<span style=\"color: #0000cd;\">aYOUdas Panam\u00e1<\/span>\nErika Otero, Panam\u00e1<\/div>\n<div class=\"socio\"><img loading=\"lazy\" decoding=\"async\" class=\"aligncenter size-full wp-image-7165\" src=\"https:\/\/aliber.org\/web\/wp-content\/uploads\/2022\/03\/2408-aeryoh.png\" alt=\"\" width=\"296\" height=\"296\" \/>\n<a href=\"https:\/\/aeryoh.org\/\" target=\"_blank\" rel=\"noopener noreferrer\">AERyOH<\/a>\n<span style=\"color: #0000cd;\">Asociaci\u00f3n Espa\u00f1ola de Raquitismos y Osteomalacia Heredados<\/span>\nSonia Fern\u00e1ndez Serrano, Espa\u00f1a<\/div>\n<div class=\"socio\"><img loading=\"lazy\" decoding=\"async\" class=\"aligncenter size-full wp-image-7165\" src=\"https:\/\/aliber.org\/web\/wp-content\/uploads\/2022\/03\/2440-fundpocofrecuente.png\" alt=\"\" width=\"296\" height=\"296\" \/>\n<a href=\"https:\/\/pocofrecuente.com\/\" target=\"_blank\" rel=\"noopener noreferrer\">Fundaci\u00f3n Poco Frecuentes<\/a>\n<span style=\"color: #0000cd;\">Fundaci\u00f3n Poco Frecuentes<\/span>\nMar Garc\u00eda Beltr\u00e1n, Espa\u00f1a<\/div>\n<div class=\"socio\"><img loading=\"lazy\" decoding=\"async\" class=\"aligncenter size-full wp-image-7165\" src=\"https:\/\/aliber.org\/web\/wp-content\/uploads\/2022\/03\/2472-porfiria.png\" alt=\"\" width=\"296\" height=\"296\" \/>\n<a href=\"https:\/\/www.porfiria.org\/\" target=\"_blank\" rel=\"noopener noreferrer\">Asociaci\u00f3n Espa\u00f1ola de Porfiria<\/a>\n<span style=\"color: #0000cd;\">Asociaci\u00f3n Espa\u00f1ola de Porfiria<\/span>\nFide Miron, Espa\u00f1a<\/div>\n<div class=\"socio\"><img loading=\"lazy\" decoding=\"async\" class=\"aligncenter size-full wp-image-7165\" src=\"https:\/\/aliber.org\/web\/wp-content\/uploads\/2025\/08\/FUERAN.jpg\" alt=\"\" width=\"296\" height=\"296\" \/>\n<a href=\"https:\/\/fundacionfueran.org\/\" target=\"_blank\" rel=\"noopener noreferrer\">FUERAN<\/a>\n<span style=\"color: #0000cd;\">Fundaci\u00f3n Dominicana de enfermedades Raras Neurodegenerativas<\/span>\nAndrea Yesenia Valle, Rep\u00fablica Dominicana<\/div>\n<div class=\"socio\"><img loading=\"lazy\" decoding=\"async\" class=\"aligncenter size-full wp-image-7165\" src=\"https:\/\/aliber.org\/web\/wp-content\/uploads\/2022\/03\/2600-corneliadelange.png\" alt=\"\" width=\"296\" height=\"296\" \/>\n<a href=\"https:\/\/nuestromundocorneliadelange.wordpress.com\/\" target=\"_blank\" rel=\"noopener noreferrer\">Fundaci\u00f3n Nuestro mundo Cornelia de Lange Costa Rica<\/a>\n<span style=\"color: #0000cd;\">Fundaci\u00f3n Nuestro mundo Cornelia de Lange Costa Rica<\/span>\nYessenia Moreira Barboza, Costa Rica<\/div>\n<div class=\"socio\"><img loading=\"lazy\" decoding=\"async\" class=\"aligncenter size-full wp-image-7165\" src=\"https:\/\/aliber.org\/web\/wp-content\/uploads\/2022\/03\/2632-retimu.png\" alt=\"\" width=\"296\" height=\"296\" \/>\n<a href=\"https:\/\/www.retimur.org\/\" target=\"_blank\" rel=\"noopener noreferrer\">RETIMUR<\/a>\n<span style=\"color: #0000cd;\">Asociaci\u00f3n Retina Murcia<\/span>\nElena Esteban Hidalgo, Espa\u00f1a<\/div>\n<div class=\"socio\"><img loading=\"lazy\" decoding=\"async\" class=\"aligncenter size-full wp-image-7165\" src=\"https:\/\/aliber.org\/web\/wp-content\/uploads\/2022\/03\/2664-alapa.png\" alt=\"\" width=\"296\" height=\"296\" \/>\n<a href=\"http:\/\/alianzapacientes.org\/\" target=\"_blank\" rel=\"noopener noreferrer\">ALAPA<\/a>\n<span style=\"color: #0000cd;\">Alianza Argentina de Pacientes<\/span>\nFlorencia Braga Men\u00e9ndez, Argentina<\/div>\n<div class=\"socio\"><img loading=\"lazy\" decoding=\"async\" class=\"aligncenter size-full wp-image-7165\" src=\"https:\/\/aliber.org\/web\/wp-content\/uploads\/2022\/03\/2696-perthes.png\" alt=\"\" width=\"296\" height=\"296\" \/>\n<a href=\"http:\/\/www.pertheskids.org\/\" target=\"_blank\" rel=\"noopener noreferrer\">Perthes Kids Foundation<\/a>\n<span style=\"color: #0000cd;\">Perthes Kids Foundation<\/span>\nClaudia Giffuni-Pai, USA<\/div>\n<div class=\"socio\"><img loading=\"lazy\" decoding=\"async\" class=\"aligncenter size-full wp-image-7165\" src=\"https:\/\/aliber.org\/web\/wp-content\/uploads\/2022\/03\/2728-sb.png\" alt=\"\" width=\"296\" height=\"296\" \/>\n<a href=\"https:\/\/sensebarreres.es\/\" target=\"_blank\" rel=\"noopener noreferrer\">SB<\/a>\n<span style=\"color: #0000cd;\">ASOCIACI\u00d3N DE ENFERMEDADES RARAS Y DISCAPACIDAD SENSE BARRERES DE PETRER<\/span>\nMauro F\u00e9lix Rosati Garc\u00eda-Morato, Espa\u00f1a<\/div>\n<div class=\"socio\"><img loading=\"lazy\" decoding=\"async\" class=\"aligncenter size-full wp-image-7165\" src=\"https:\/\/aliber.org\/web\/wp-content\/uploads\/2023\/05\/unidospelavida.png\" alt=\"\" width=\"296\" height=\"296\" \/>\n<a href=\"https:\/\/unidospelavida.org.br\/\" target=\"_blank\" rel=\"noopener noreferrer\">UNIDOSPELAVIDA<\/a>\n<span style=\"color: #0000cd;\">Unidos pela Vida &#8211; Instituto Brasileiro de Aten\u00e7\u00e3o \u00e0 Fibrose C\u00edstica<\/span>\nGabriel Johnson<\/div>\n<div class=\"socio\"><img loading=\"lazy\" decoding=\"async\" class=\"aligncenter size-full wp-image-7165\" src=\"https:\/\/aliber.org\/web\/wp-content\/uploads\/2023\/05\/apronep.jpg\" alt=\"\" width=\"296\" height=\"296\" \/>\n<a href=\"https:\/\/www.apronep.com\/\" target=\"_blank\" rel=\"noopener noreferrer\">APRONEP<\/a>\n<span style=\"color: #0000cd;\">Asociaci\u00f3n pro-ni\u00f1os con enfermedades progresivas, raras o poco frecuentes APRONEP-er<\/span>\nYamileth Chaves Soto<\/div>\n<div class=\"socio\"><img loading=\"lazy\" decoding=\"async\" class=\"aligncenter size-full wp-image-7165\" src=\"https:\/\/aliber.org\/web\/wp-content\/uploads\/2023\/05\/manitas-1.png\" alt=\"\" width=\"296\" height=\"296\" \/>\n<a href=\"https:\/\/www.instagram.com\/fmanitosdeamor\/\" target=\"_blank\" rel=\"noopener noreferrer\">MANITAS DE AMOR<\/a>\n<span style=\"color: #0000cd;\">Fundaci\u00f3n Manitas de Amor de Ecuador<\/span>\nCarmen Mayorga<\/div>\n<div class=\"socio\"><img loading=\"lazy\" decoding=\"async\" class=\"aligncenter size-full wp-image-7165\" src=\"https:\/\/aliber.org\/web\/wp-content\/uploads\/2025\/02\/funhepa.jpg\" alt=\"\" width=\"296\" height=\"296\" \/>\n<a href=\"https:\/\/funhepa.org\/\" target=\"_blank\" rel=\"noopener noreferrer\">FUNHEPA<\/a>\n<span style=\"color: #0000cd;\">Fundaci\u00f3n Hondure\u00f1a para la Salud Hep\u00e1tica <\/span>\nDaniela Sofia Cruz Betanco<\/div>\n<div class=\"socio\"><img loading=\"lazy\" decoding=\"async\" class=\"aligncenter size-full wp-image-7165\" src=\"https:\/\/aliber.org\/web\/wp-content\/uploads\/2025\/02\/ATP-ATodoPulmon.jpg\" alt=\"\" width=\"296\" height=\"296\" \/>\n<a href=\"https:\/\/www.facebook.com\/AtodopulmonG\" target=\"_blank\" rel=\"noopener noreferrer\">A TODO PULMON<\/a>\n<span style=\"color: #0000cd;\">A todo pulm\u00f3n Guayana HP &#8211; Venezuela<\/span>\nKatiusca Salinas<\/div>\n<div class=\"socio\"><img loading=\"lazy\" decoding=\"async\" class=\"aligncenter size-full wp-image-7165\" src=\"https:\/\/aliber.org\/web\/wp-content\/uploads\/2025\/02\/Funsaluz.jpg\" alt=\"\" width=\"296\" height=\"296\" \/>\n<a href=\"https:\/\/aliber.org\/web\/socios\/\" target=\"_blank\" rel=\"noopener noreferrer\">FUNSALUZ<\/a>\n<span style=\"color: #0000cd;\">Fundaci\u00f3n Sal y Luz de Venezuela<\/span>\nKatiuska Mor\u00e1n<\/div>\n<div class=\"socio\"><img loading=\"lazy\" decoding=\"async\" class=\"aligncenter size-full wp-image-7165\" src=\"https:\/\/aliber.org\/web\/wp-content\/uploads\/2025\/02\/Cuba-EnfPocoFrec.jpg\" alt=\"\" width=\"296\" height=\"296\" \/>\n<a href=\"https:\/\/www.facebook.com\/people\/Enfermedades-Raras-Cuba\/100083139371858\" target=\"_blank\" rel=\"noopener noreferrer\">GRUPO CUBANO DE ENFERMEDADES RARAS<\/a>\n<span style=\"color: #0000cd;\">Enfermedades Raras Cuba &#8211; Havana<\/span>\nReyma Cuet\u00fa<\/div>\n<div class=\"socio\"><img loading=\"lazy\" decoding=\"async\" class=\"aligncenter size-full wp-image-7165\" src=\"https:\/\/aliber.org\/web\/wp-content\/uploads\/2025\/08\/HIPUA-V2.jpg\" alt=\"\" width=\"296\" height=\"196\" \/>\n<a href=\"https:\/\/hipertensionpulmonarargentina.org\/\" target=\"_blank\" rel=\"noopener noreferrer\">HIPUA<\/a>\n<span style=\"color: #0000cd;\">ASOCIACI\u00d3N CIVIL HIPUA &#8211; HIPERTENSI\u00d3N PULMONAR ARGENTINA<\/span>\nLic. Nancy Campelo<\/div>\n<div class=\"socio\"><img loading=\"lazy\" decoding=\"async\" class=\"aligncenter size-full wp-image-7165\" src=\"https:\/\/aliber.org\/web\/wp-content\/uploads\/2025\/07\/ACORP.jpg\" alt=\"\" width=\"296\" height=\"196\" \/>\n<a href=\"https:\/\/acorp.com.co\/\" target=\"_blank\" rel=\"noopener noreferrer\">ACORP<\/a>\n<span style=\"color: #0000cd;\">Asociaci\u00f3n Colombiana Retinosis Pigmentaria<\/span>\nHenry Guio, Colombia<\/div>\n<div class=\"socio\"><img loading=\"lazy\" decoding=\"async\" class=\"aligncenter size-full wp-image-7165\" src=\"https:\/\/aliber.org\/web\/wp-content\/uploads\/2025\/07\/FENPOF.jpg\" alt=\"\" width=\"296\" height=\"196\" \/>\n<a href=\"https:\/\/www.facebook.com\/FenpofChile\/\" target=\"_blank\" rel=\"noopener noreferrer\">FENPOF<\/a>\n<span style=\"color: #0000cd;\">Federaci\u00f3n de Enfermedades Poco Frecuentes Chile<\/span>\nJessica Cubillos, Chile<\/div>\n<div class=\"socio\"><img loading=\"lazy\" decoding=\"async\" class=\"aligncenter size-full wp-image-7165\" src=\"https:\/\/aliber.org\/web\/wp-content\/uploads\/2025\/07\/RETINA-Iberoamerica.jpg\" alt=\"\" width=\"296\" height=\"196\" \/>\n<a href=\"https:\/\/retinaiberoamerica.org\/\" target=\"_blank\" rel=\"noopener noreferrer\">RETINA Iberoam\u00e9rica<\/a>\n<span style=\"color: #0000cd;\">Retina Iberoam\u00e9rica<\/span>\nAndr\u00e9s Mayor Lorenzo, Espa\u00f1a<\/div>\n<div class=\"socio\"><img loading=\"lazy\" decoding=\"async\" class=\"aligncenter size-full wp-image-7165\" src=\"https:\/\/aliber.org\/web\/wp-content\/uploads\/2025\/07\/ATROFIA-MULTISISTEMICA.jpg\" alt=\"\" width=\"296\" height=\"196\" \/>\n<a href=\"https:\/\/xn--amsespaa-j3a.org\/\" target=\"_blank\" rel=\"noopener noreferrer\">AMES Espa\u00f1a<\/a>\n<span style=\"color: #0000cd;\">Asociaci\u00f3n de Atrofia Multisist\u00e9mica Espa\u00f1a<\/span>\nMois\u00e9s Ogando Regueiro, Espa\u00f1a<\/div>\n<div class=\"socio\"><img loading=\"lazy\" decoding=\"async\" class=\"aligncenter size-full wp-image-7165\" src=\"https:\/\/aliber.org\/web\/wp-content\/uploads\/2025\/07\/FEDE.jpg\" alt=\"\" width=\"296\" height=\"196\" \/>\n<a href=\"https:\/\/fedeepilepsia.com\/\" target=\"_blank\" rel=\"noopener noreferrer\">FEDE<\/a>\n<span style=\"color: #0000cd;\">Federaci\u00f3n Espa\u00f1ola de Epilepsia<\/span>\nElvira Vacas, Espa\u00f1a<\/div>\t\t\t\t\t\t\t\t<\/div>\n\t\t\t\t<\/div>\n\t\t\t\t\t<\/div>\n\t\t<\/div>\n\t\t\t\t\t<\/div>\n\t\t<\/section>\n\t\t\t\t<\/div>\n\t\t","protected":false},"excerpt":{"rendered":"<p>FADEPOF Federaci\u00f3n Argentina De Enfermedades Poco Frecuentes Roberta Anido, Argentina Instituto Vidas Raras Instituto Vidas Raras Amira Awada, Brasil ACOPEL Asociaci\u00f3n Colombiana De Pacientes Con Enfermedades De Dep\u00f3sito Lisosomal Luz<a href=\"https:\/\/aliber.org\/web\/socios\/\">[&#8230;]<\/a><\/p>\n","protected":false},"author":1,"featured_media":0,"parent":0,"menu_order":0,"comment_status":"closed","ping_status":"closed","template":"","meta":{"_exactmetrics_skip_tracking":false,"_exactmetrics_sitenote_active":false,"_exactmetrics_sitenote_note":"","_exactmetrics_sitenote_category":0,"footnotes":""},"class_list":["post-6778","page","type-page","status-publish","hentry"],"_links":{"self":[{"href":"https:\/\/aliber.org\/web\/wp-json\/wp\/v2\/pages\/6778","targetHints":{"allow":["GET"]}}],"collection":[{"href":"https:\/\/aliber.org\/web\/wp-json\/wp\/v2\/pages"}],"about":[{"href":"https:\/\/aliber.org\/web\/wp-json\/wp\/v2\/types\/page"}],"author":[{"embeddable":true,"href":"https:\/\/aliber.org\/web\/wp-json\/wp\/v2\/users\/1"}],"replies":[{"embeddable":true,"href":"https:\/\/aliber.org\/web\/wp-json\/wp\/v2\/comments?post=6778"}],"version-history":[{"count":237,"href":"https:\/\/aliber.org\/web\/wp-json\/wp\/v2\/pages\/6778\/revisions"}],"predecessor-version":[{"id":10024,"href":"https:\/\/aliber.org\/web\/wp-json\/wp\/v2\/pages\/6778\/revisions\/10024"}],"wp:attachment":[{"href":"https:\/\/aliber.org\/web\/wp-json\/wp\/v2\/media?parent=6778"}],"curies":[{"name":"wp","href":"https:\/\/api.w.org\/{rel}","templated":true}]}}